{"id":2591,"date":"2026-04-04T21:35:56","date_gmt":"2026-04-04T19:35:56","guid":{"rendered":"https:\/\/book.vergenoegd.co.za\/?page_id=2591"},"modified":"2026-06-03T14:24:52","modified_gmt":"2026-06-03T12:24:52","slug":"erbe","status":"publish","type":"page","link":"https:\/\/vergenoegd.co.za\/de\/about\/heritage\/","title":{"rendered":"Erbe"},"content":{"rendered":"<div data-elementor-type=\"wp-page\" data-elementor-id=\"2591\" class=\"elementor elementor-2591\" data-elementor-post-type=\"page\">\n\t\t\t\t<div class=\"elementor-element elementor-element-b200148 e-flex e-con-boxed e-con e-parent\" data-id=\"b200148\" data-element_type=\"container\" data-e-type=\"container\">\n\t\t\t\t\t<div class=\"e-con-inner\">\n\t\t<div class=\"elementor-element elementor-element-fe7b1b2 e-flex e-con-boxed e-con e-child\" data-id=\"fe7b1b2\" data-element_type=\"container\" data-e-type=\"container\" data-settings=\"{&quot;background_background&quot;:&quot;video&quot;,&quot;background_play_on_mobile&quot;:&quot;yes&quot;,&quot;background_video_link&quot;:&quot;https:\\\/\\\/vergenoegd.co.za\\\/wp-content\\\/uploads\\\/2026\\\/04\\\/Vergenoegd-Loew-Heritage.webm&quot;}\">\n\t\t\t\t\t<div class=\"e-con-inner\">\n\t\t<div class=\"elementor-background-video-container\">\n\t\t\t\t\t\t\t<video class=\"elementor-background-video-hosted\" role=\"presentation\" autoplay muted playsinline loop><\/video>\n\t\t\t\t\t<\/div><div class=\"elementor-element elementor-element-dd24d8e e-con-full e-flex e-con e-child\" data-id=\"dd24d8e\" data-element_type=\"container\" data-e-type=\"container\">\n\t\t\t\t<\/div>\n\t\t\t\t\t<\/div>\n\t\t\t\t<\/div>\n\t\t\t\t\t<\/div>\n\t\t\t\t<\/div>\n\t\t<div class=\"elementor-element elementor-element-1b560a0 e-flex e-con-boxed e-con e-parent\" data-id=\"1b560a0\" data-element_type=\"container\" data-e-type=\"container\">\n\t\t\t\t\t<div class=\"e-con-inner\">\n\t\t\t\t<div class=\"elementor-element elementor-element-86b43bd elementor-widget elementor-widget-heading\" data-id=\"86b43bd\" data-element_type=\"widget\" data-e-type=\"widget\" data-widget_type=\"heading.default\">\n\t\t\t\t\t<h2 class=\"elementor-heading-title elementor-size-default\">Erbe<\/h2>\t\t\t\t<\/div>\n\t\t\t\t<div class=\"elementor-element elementor-element-ba9c755 elementor-widget elementor-widget-heading\" data-id=\"ba9c755\" data-element_type=\"widget\" data-e-type=\"widget\" data-widget_type=\"heading.default\">\n\t\t\t\t\t<h1 class=\"elementor-heading-title elementor-size-default\">Unsere Geschichte<\/h1>\t\t\t\t<\/div>\n\t\t\t\t<div class=\"elementor-element elementor-element-95d7acd elementor-widget__width-initial elementor-widget-tablet__width-inherit start-page-subheadline elementor-widget elementor-widget-text-editor\" data-id=\"95d7acd\" data-element_type=\"widget\" data-e-type=\"widget\" data-widget_type=\"text-editor.default\">\n\t\t\t\t\t\t\t\t\t<p><strong>Geleitet von der Natur. Geleitet vom kulturellen Erbe.<\/strong><\/p><p>Vergenoegd L\u00f6w ist eines der \u00e4ltesten noch bewirtschafteten Weing\u00fcter S\u00fcdafrikas mit einer nachweisbaren Geschichte, die bis ins Jahr 1696 zur\u00fcckreicht. Am K\u00fcstenrand von Stellenbosch, nahe der False Bay gelegen, wurde das Anwesen \u00fcber Jahrhunderte von Landwirtschaft, Weinbau, Menschen, Architektur und der Natur gepr\u00e4gt. Sein Name, Vergenoegd, bedeutet zufrieden oder rundum gl\u00fccklich \u2013 eine Bedeutung, die den Geist des Ortes bis heute widerspiegelt.<\/p>\t\t\t\t\t\t\t\t<\/div>\n\t\t\t\t\t<\/div>\n\t\t\t\t<\/div>\n\t\t<div class=\"elementor-element elementor-element-b72d30e e-flex e-con-boxed e-con e-parent\" data-id=\"b72d30e\" data-element_type=\"container\" data-e-type=\"container\">\n\t\t\t\t\t<div class=\"e-con-inner\">\n\t\t<div class=\"elementor-element elementor-element-2d04b5e e-con-full e-flex e-con e-child\" data-id=\"2d04b5e\" data-element_type=\"container\" data-e-type=\"container\">\n\t\t\t\t<div class=\"elementor-element elementor-element-360785b elementor-widget elementor-widget-image\" data-id=\"360785b\" data-element_type=\"widget\" data-e-type=\"widget\" data-widget_type=\"image.default\">\n\t\t\t\t\t\t\t\t\t\t\t\t\t\t\t<img alt=\"\" fetchpriority=\"high\" decoding=\"async\" width=\"483\" height=\"485\" src=\"https:\/\/vergenoegd.co.za\/wp-content\/uploads\/2026\/03\/historic-map-outlining-vergenoegd.png\" class=\"attachment-large size-large wp-image-1557\" srcset=\"https:\/\/vergenoegd.co.za\/wp-content\/uploads\/2026\/03\/historic-map-outlining-vergenoegd.png 483w, https:\/\/vergenoegd.co.za\/wp-content\/uploads\/2026\/03\/historic-map-outlining-vergenoegd-300x300.png 300w, https:\/\/vergenoegd.co.za\/wp-content\/uploads\/2026\/03\/historic-map-outlining-vergenoegd-150x150.png 150w, https:\/\/vergenoegd.co.za\/wp-content\/uploads\/2026\/03\/historic-map-outlining-vergenoegd-12x12.png 12w\" sizes=\"(max-width: 483px) 100vw, 483px\" \/>\t\t\t\t\t\t\t\t\t\t\t\t\t\t\t<\/div>\n\t\t\t\t<\/div>\n\t\t<div class=\"elementor-element elementor-element-1ccf19c e-con-full e-flex e-con e-child\" data-id=\"1ccf19c\" data-element_type=\"container\" data-e-type=\"container\">\n\t\t\t\t<div class=\"elementor-element elementor-element-bff0bec elementor-widget elementor-widget-heading\" data-id=\"bff0bec\" data-element_type=\"widget\" data-e-type=\"widget\" data-widget_type=\"heading.default\">\n\t\t\t\t\t<h4 class=\"elementor-heading-title elementor-size-default\">Ein Erbe seit 1696<\/h4>\t\t\t\t<\/div>\n\t\t\t\t<div class=\"elementor-element elementor-element-48e4bf7 elementor-widget__width-initial elementor-widget-mobile__width-inherit elementor-widget elementor-widget-text-editor\" data-id=\"48e4bf7\" data-element_type=\"widget\" data-e-type=\"widget\" data-widget_type=\"text-editor.default\">\n\t\t\t\t\t\t\t\t\t<p style=\"text-align: left;\">Unsere dokumentierte Geschichte beginnt im Jahr 1696, dem Jahr, in dem das Land von der Niederl\u00e4ndischen Ostindien-Kompanie, der damaligen lokalen Beh\u00f6rde, an Pieter de Vos vergeben wurde. Wenn man heute hierher kommt, ist es leicht zu verstehen, warum De Vos sein Anwesen Vergenoegd (damals manchmal auch Vergenoegt geschrieben) nannte. Der niederl\u00e4ndische Name bedeutet \u201czufrieden sein\u201d oder \u201ewohlbefinden\u201c.<\/p>\t\t\t\t\t\t\t\t<\/div>\n\t\t\t\t<div class=\"elementor-element elementor-element-93e1a6c elementor-widget elementor-widget-image\" data-id=\"93e1a6c\" data-element_type=\"widget\" data-e-type=\"widget\" data-widget_type=\"image.default\">\n\t\t\t\t\t\t\t\t\t\t\t\t\t\t\t<img alt=\"\" decoding=\"async\" width=\"800\" height=\"387\" src=\"https:\/\/vergenoegd.co.za\/wp-content\/uploads\/2026\/03\/vergenoegd-past.png\" class=\"attachment-large size-large wp-image-1558\" srcset=\"https:\/\/vergenoegd.co.za\/wp-content\/uploads\/2026\/03\/vergenoegd-past.png 983w, https:\/\/vergenoegd.co.za\/wp-content\/uploads\/2026\/03\/vergenoegd-past-300x145.png 300w, https:\/\/vergenoegd.co.za\/wp-content\/uploads\/2026\/03\/vergenoegd-past-768x372.png 768w, https:\/\/vergenoegd.co.za\/wp-content\/uploads\/2026\/03\/vergenoegd-past-18x9.png 18w\" sizes=\"(max-width: 800px) 100vw, 800px\" \/>\t\t\t\t\t\t\t\t\t\t\t\t\t\t\t<\/div>\n\t\t\t\t<\/div>\n\t\t<div class=\"elementor-element elementor-element-58676f5 e-con-full e-flex e-con e-child\" data-id=\"58676f5\" data-element_type=\"container\" data-e-type=\"container\">\n\t\t\t\t<div class=\"elementor-element elementor-element-062fd01 elementor-widget elementor-widget-image\" data-id=\"062fd01\" data-element_type=\"widget\" data-e-type=\"widget\" data-widget_type=\"image.default\">\n\t\t\t\t\t\t\t\t\t\t\t\t\t\t\t<img alt=\"\" decoding=\"async\" width=\"484\" height=\"482\" src=\"https:\/\/vergenoegd.co.za\/wp-content\/uploads\/2026\/03\/vergenoegd-plot.png\" class=\"attachment-large size-large wp-image-1556\" srcset=\"https:\/\/vergenoegd.co.za\/wp-content\/uploads\/2026\/03\/vergenoegd-plot.png 484w, https:\/\/vergenoegd.co.za\/wp-content\/uploads\/2026\/03\/vergenoegd-plot-300x300.png 300w, https:\/\/vergenoegd.co.za\/wp-content\/uploads\/2026\/03\/vergenoegd-plot-150x150.png 150w, https:\/\/vergenoegd.co.za\/wp-content\/uploads\/2026\/03\/vergenoegd-plot-12x12.png 12w\" sizes=\"(max-width: 484px) 100vw, 484px\" \/>\t\t\t\t\t\t\t\t\t\t\t\t\t\t\t<\/div>\n\t\t\t\t<\/div>\n\t\t<div class=\"elementor-element elementor-element-ae91e00 e-con-full e-flex e-con e-child\" data-id=\"ae91e00\" data-element_type=\"container\" data-e-type=\"container\">\n\t\t\t\t<div class=\"elementor-element elementor-element-8c0830c elementor-widget elementor-widget-heading\" data-id=\"8c0830c\" data-element_type=\"widget\" data-e-type=\"widget\" data-widget_type=\"heading.default\">\n\t\t\t\t\t<h4 class=\"elementor-heading-title elementor-size-default\">Die kulturelle Vergangenheit<\/h4>\t\t\t\t<\/div>\n\t\t\t\t<div class=\"elementor-element elementor-element-eecff2f elementor-widget elementor-widget-text-editor\" data-id=\"eecff2f\" data-element_type=\"widget\" data-e-type=\"widget\" data-widget_type=\"text-editor.default\">\n\t\t\t\t\t\t\t\t\t<p>Den unverkennbaren kapholl\u00e4ndischen Baustil erkennt man sofort, wenn man das Anwesen besucht. Das Herzst\u00fcck ist unser 1773 erbautes Geh\u00f6ft mit dem Namen Vergenoegt. (K\u00fcrzlich haben uns einige Experten mitgeteilt, dass wir die Jahreszahl falsch gelesen haben. Sie lautet 1713. Wir k\u00f6nnen es aber nicht mit Sicherheit sagen.)<\/p><p>Das zum Nationaldenkmal erkl\u00e4rte Geb\u00e4ude besticht durch seinen zentralen Giebel, das Reetdach, die dicken, wei\u00df get\u00fcnchten Mauern, die Fl\u00fcgelfenster, die flaschengr\u00fcn gestrichenen Rahmen und die Balken aus einheimischem Holz im Inneren. Man findet dort sogar eine restaurierte Version der urspr\u00fcnglichen niedrigen, wei\u00df get\u00fcnchten Umfassungsmauer (Ringmuur), die so eng mit der l\u00e4ndlichen Architektur des 18. und 19. Jahrhunderts am Kap verbunden ist.<\/p>\t\t\t\t\t\t\t\t<\/div>\n\t\t\t\t<\/div>\n\t\t<div class=\"elementor-element elementor-element-b153d66 e-con-full e-flex e-con e-child\" data-id=\"b153d66\" data-element_type=\"container\" data-e-type=\"container\">\n\t\t\t\t<div class=\"elementor-element elementor-element-939f78b elementor-widget elementor-widget-heading\" data-id=\"939f78b\" data-element_type=\"widget\" data-e-type=\"widget\" data-widget_type=\"heading.default\">\n\t\t\t\t\t<h4 class=\"elementor-heading-title elementor-size-default\">Tiefe Wurzeln<\/h4>\t\t\t\t<\/div>\n\t\t\t\t<div class=\"elementor-element elementor-element-dfc29f4 elementor-widget elementor-widget-text-editor\" data-id=\"dfc29f4\" data-element_type=\"widget\" data-e-type=\"widget\" data-widget_type=\"text-editor.default\">\n\t\t\t\t\t\t\t\t\t<p>Die mit der Restaurierung beauftragten Denkmalpfleger hatten das gro\u00dfe Gl\u00fcck, auf fr\u00fche Darstellungen von Vergenoegd zur\u00fcckgreifen zu k\u00f6nnen, die der Aquarellmaler Jan Brandes angefertigt hatte. Er verbrachte ein Jahr (1786\u20131787) auf dem Gut. Einige dieser Werke wurden reproduziert und vergr\u00f6\u00dfert, um sie den Besuchern des Anwesens zug\u00e4nglich zu machen. Brandes dokumentierte auch die Pflanzen- und Vogelwelt des Guts. Die Originale befinden sich im Rijksmuseum in Amsterdam, Niederlande, da er als bedeutender K\u00fcnstler gilt.<\/p><p>Die von uns servierten Speisen spiegeln die Einfl\u00fcsse unserer Khoekhoen-, niederl\u00e4ndischen, franz\u00f6sischen, ostindischen und afrikanischen Vorfahren wider.<\/p>\t\t\t\t\t\t\t\t<\/div>\n\t\t\t\t<\/div>\n\t\t<div class=\"elementor-element elementor-element-a286231 e-con-full e-flex e-con e-child\" data-id=\"a286231\" data-element_type=\"container\" data-e-type=\"container\">\n\t\t\t\t<div class=\"elementor-element elementor-element-13472e2 elementor-widget elementor-widget-video\" data-id=\"13472e2\" data-element_type=\"widget\" data-e-type=\"widget\" data-settings=\"{&quot;video_type&quot;:&quot;hosted&quot;,&quot;autoplay&quot;:&quot;yes&quot;,&quot;mute&quot;:&quot;yes&quot;,&quot;loop&quot;:&quot;yes&quot;}\" data-widget_type=\"video.default\">\n\t\t\t\t\t\t\t<div class=\"e-hosted-video elementor-wrapper elementor-open-inline\">\n\t\t\t\t\t<video class=\"elementor-video\" src=\"https:\/\/vergenoegd.co.za\/wp-content\/uploads\/2026\/02\/Vergenoegd-3.mp4\" autoplay=\"\" loop=\"\" muted=\"muted\" controlslist=\"nodownload\" poster=\"https:\/\/vergenoegd.co.za\/wp-content\/uploads\/2026\/02\/Vergenoegd_may2023_GibsonPhoto47-scaled.jpg\"><\/video>\n\t\t\t\t<\/div>\n\t\t\t\t\t\t<\/div>\n\t\t\t\t<\/div>\n\t\t\t\t\t<\/div>\n\t\t\t\t<\/div>\n\t\t<div class=\"elementor-element elementor-element-296add9 e-flex e-con-boxed e-con e-parent\" data-id=\"296add9\" data-element_type=\"container\" data-e-type=\"container\" data-settings=\"{&quot;background_background&quot;:&quot;classic&quot;}\">\n\t\t\t\t\t<div class=\"e-con-inner\">\n\t\t<div class=\"elementor-element elementor-element-ce566f5 e-con-full e-flex e-con e-child\" data-id=\"ce566f5\" data-element_type=\"container\" data-e-type=\"container\">\n\t\t\t\t<div class=\"elementor-element elementor-element-ef3d37e elementor-widget-mobile__width-initial elementor-widget elementor-widget-image\" data-id=\"ef3d37e\" data-element_type=\"widget\" data-e-type=\"widget\" data-widget_type=\"image.default\">\n\t\t\t\t\t\t\t\t\t\t\t\t\t\t\t<img alt=\"\" loading=\"lazy\" decoding=\"async\" width=\"683\" height=\"1024\" src=\"https:\/\/vergenoegd.co.za\/wp-content\/uploads\/2026\/05\/Peter-Loew-3-683x1024.jpg\" class=\"attachment-large size-large wp-image-4391\" srcset=\"https:\/\/vergenoegd.co.za\/wp-content\/uploads\/2026\/05\/Peter-Loew-3-683x1024.jpg 683w, https:\/\/vergenoegd.co.za\/wp-content\/uploads\/2026\/05\/Peter-Loew-3-200x300.jpg 200w, https:\/\/vergenoegd.co.za\/wp-content\/uploads\/2026\/05\/Peter-Loew-3-768x1152.jpg 768w, https:\/\/vergenoegd.co.za\/wp-content\/uploads\/2026\/05\/Peter-Loew-3-8x12.jpg 8w, https:\/\/vergenoegd.co.za\/wp-content\/uploads\/2026\/05\/Peter-Loew-3.jpg 1000w\" sizes=\"(max-width: 683px) 100vw, 683px\" \/>\t\t\t\t\t\t\t\t\t\t\t\t\t\t\t<\/div>\n\t\t\t\t<\/div>\n\t\t<div class=\"elementor-element elementor-element-ce8f8b4 e-con-full e-flex e-con e-child\" data-id=\"ce8f8b4\" data-element_type=\"container\" data-e-type=\"container\">\n\t\t\t\t<div class=\"elementor-element elementor-element-7e0639c elementor-widget elementor-widget-heading\" data-id=\"7e0639c\" data-element_type=\"widget\" data-e-type=\"widget\" data-widget_type=\"heading.default\">\n\t\t\t\t\t<h3 class=\"elementor-heading-title elementor-size-default\">Beim Werden <br>Vergenoegd L\u00f6w<\/h3>\t\t\t\t<\/div>\n\t\t\t\t<div class=\"elementor-element elementor-element-fc0d6a8 elementor-widget elementor-widget-text-editor\" data-id=\"fc0d6a8\" data-element_type=\"widget\" data-e-type=\"widget\" data-widget_type=\"text-editor.default\">\n\t\t\t\t\t\t\t\t\t<p>Das moderne Kapitel des Anwesens begann im Jahr 2015, als <a title=\"Lesen Sie mehr \u00fcber die Geschichte von Prof. Dr. Dr. Peter L\u00f6w Vergenoegd.\" href=\"https:\/\/vergenoegd.co.za\/de\/die-geschichte-die-uns-gepragt-hat\/\">Prof. Dr. Dr. Peter L\u00f6w erwarb den Bauernhof<\/a> und \u00fcbergab es dem Europ\u00e4ischen Kulturerbeprojekt. Unter seiner Leitung begann ein umfassendes Restaurierungs- und Erneuerungsprogramm, das einen vernachl\u00e4ssigten, aber historisch bedeutsamen Bauernhofkomplex in ein lebendiges Weingut verwandelte: einen Ort, an dem das kulturelle Erbe gesch\u00fctzt, die Landwirtschaft wiederbelebt und G\u00e4ste eingeladen werden konnten, den stillen Reichtum des Landes zu erleben.<\/p>\t\t\t\t\t\t\t\t<\/div>\n\t\t\t\t<\/div>\n\t\t<div class=\"elementor-element elementor-element-e070b77 e-con-full e-flex e-con e-child\" data-id=\"e070b77\" data-element_type=\"container\" data-e-type=\"container\">\n\t\t\t\t<div class=\"elementor-element elementor-element-5c9dcbd elementor-widget elementor-widget-heading\" data-id=\"5c9dcbd\" data-element_type=\"widget\" data-e-type=\"widget\" data-widget_type=\"heading.default\">\n\t\t\t\t\t<h4 class=\"elementor-heading-title elementor-size-default\">Geschichte wiederhergestellt<\/h4>\t\t\t\t<\/div>\n\t\t\t\t<div class=\"elementor-element elementor-element-b798f92 elementor-widget elementor-widget-text-editor\" data-id=\"b798f92\" data-element_type=\"widget\" data-e-type=\"widget\" data-widget_type=\"text-editor.default\">\n\t\t\t\t\t\t\t\t\t<p>Heute vereint Vergenoegd L\u00f6w Weine aus eigenem Anbau, regenerative Landwirtschaft, saisonale K\u00fcche, Boutique-Unterk\u00fcnfte, Kunst, G\u00e4rten, Wellnessangebote und restaurierte Kaparchitektur. Es ist kein Museum und auch kein reines Luxusreiseziel. Es ist ein aktives Weingut, auf dem die Vergangenheit sichtbar bleibt, das Leben aber weitergeht.<\/p>\t\t\t\t\t\t\t\t<\/div>\n\t\t\t\t<div class=\"elementor-element elementor-element-77055af elementor-widget elementor-widget-text-editor\" data-id=\"77055af\" data-element_type=\"widget\" data-e-type=\"widget\" data-widget_type=\"text-editor.default\">\n\t\t\t\t\t\t\t\t\t<p>Hier dreht sich alles um zwei Leitgedanken: Die Natur muss geachtet und das kulturelle Erbe sorgsam bewahrt werden. Wein, Menschen, Tradition und Nachhaltigkeit sind keine voneinander getrennten Bereiche des Weinguts. Sie sind im Boden, im Keller, in der K\u00fcche, auf dem Hof, in den G\u00e4rten und in der t\u00e4glichen Arbeit auf dem Bauernhof miteinander verbunden.<\/p>\t\t\t\t\t\t\t\t<\/div>\n\t\t\t\t<\/div>\n\t\t<div class=\"elementor-element elementor-element-5cd9ad7 e-con-full e-flex e-con e-child\" data-id=\"5cd9ad7\" data-element_type=\"container\" data-e-type=\"container\">\n\t\t\t\t<div class=\"elementor-element elementor-element-12716b9 elementor-widget elementor-widget-image\" data-id=\"12716b9\" data-element_type=\"widget\" data-e-type=\"widget\" data-widget_type=\"image.default\">\n\t\t\t\t\t\t\t\t\t\t\t\t\t\t\t<img alt=\"\" loading=\"lazy\" decoding=\"async\" width=\"800\" height=\"534\" src=\"https:\/\/vergenoegd.co.za\/wp-content\/uploads\/2026\/04\/Vergenoegd_Sept2024_GibsonPhoto65-1024x683.jpg\" class=\"attachment-large size-large wp-image-4146\" srcset=\"https:\/\/vergenoegd.co.za\/wp-content\/uploads\/2026\/04\/Vergenoegd_Sept2024_GibsonPhoto65-1024x683.jpg 1024w, https:\/\/vergenoegd.co.za\/wp-content\/uploads\/2026\/04\/Vergenoegd_Sept2024_GibsonPhoto65-300x200.jpg 300w, https:\/\/vergenoegd.co.za\/wp-content\/uploads\/2026\/04\/Vergenoegd_Sept2024_GibsonPhoto65-768x512.jpg 768w, https:\/\/vergenoegd.co.za\/wp-content\/uploads\/2026\/04\/Vergenoegd_Sept2024_GibsonPhoto65-1536x1024.jpg 1536w, https:\/\/vergenoegd.co.za\/wp-content\/uploads\/2026\/04\/Vergenoegd_Sept2024_GibsonPhoto65-scaled.jpg 2000w, https:\/\/vergenoegd.co.za\/wp-content\/uploads\/2026\/04\/Vergenoegd_Sept2024_GibsonPhoto65-18x12.jpg 18w\" sizes=\"(max-width: 800px) 100vw, 800px\" \/>\t\t\t\t\t\t\t\t\t\t\t\t\t\t\t<\/div>\n\t\t\t\t<\/div>\n\t\t\t\t\t<\/div>\n\t\t\t\t<\/div>\n\t\t<div class=\"elementor-element elementor-element-6e117d0 e-flex e-con-boxed e-con e-parent\" data-id=\"6e117d0\" data-element_type=\"container\" data-e-type=\"container\">\n\t\t\t\t\t<div class=\"e-con-inner\">\n\t\t<div class=\"elementor-element elementor-element-07e5e95 e-con-full e-flex e-con e-child\" data-id=\"07e5e95\" data-element_type=\"container\" data-e-type=\"container\" data-settings=\"{&quot;background_background&quot;:&quot;classic&quot;}\">\n\t\t\t\t<\/div>\n\t\t\t\t\t<\/div>\n\t\t\t\t<\/div>\n\t\t<div class=\"elementor-element elementor-element-e4ef0ac e-con-full e-flex e-con e-parent\" data-id=\"e4ef0ac\" data-element_type=\"container\" data-e-type=\"container\">\n\t\t\t\t<div class=\"elementor-element elementor-element-cc535c7 elementor-align-center elementor-widget elementor-widget-button\" data-id=\"cc535c7\" data-element_type=\"widget\" data-e-type=\"widget\" data-widget_type=\"button.default\">\n\t\t\t\t\t\t\t\t\t\t<a class=\"elementor-button elementor-button-link elementor-size-sm\" href=\"https:\/\/store.vergenoegd.co.za\/product\/reds-racehorses-and-runner-ducks-an-african-wine-journey-from-1696\/\" target=\"_blank\">\n\t\t\t\t\t\t<span class=\"elementor-button-content-wrapper\">\n\t\t\t\t\t\t\t\t\t<span class=\"elementor-button-text\">Entdecke das Buch<\/span>\n\t\t\t\t\t<\/span>\n\t\t\t\t\t<\/a>\n\t\t\t\t\t\t\t\t<\/div>\n\t\t\t\t<\/div>\n\t\t\t\t<\/div>","protected":false},"excerpt":{"rendered":"<p>Heritage Our Story Past We are one of South Africa&#8217;s oldest working farms with an unbroken tradition of growing and making wines for almost 330 years. But of course, our past extends way before then. From archaeological research we are learning more and more about the impact of the ancient seabed on which we lie [&hellip;]<\/p>\n","protected":false},"author":1,"featured_media":0,"parent":857,"menu_order":0,"comment_status":"closed","ping_status":"closed","template":"","meta":{"_seopress_titles_title":"Vergenoegd L\u00f6w: A Legacy Since 1696","_seopress_titles_desc":"Discover one of South Africa's oldest working farms with nearly 330 years of winemaking heritage, Cape Dutch architecture & rich Stellenbosch history.","_seopress_robots_index":"","_seopress_robots_follow":"","_seopress_robots_imageindex":"","_seopress_robots_snippet":"","_seopress_robots_primary_cat":"","_seopress_robots_breadcrumbs":"","_seopress_robots_freeze_modified_date":"","_seopress_robots_custom_modified_date":"","_seopress_robots_canonical":"","_seopress_social_fb_title":"","_seopress_social_fb_desc":"","_seopress_social_fb_img":"","_seopress_social_fb_img_attachment_id":0,"_seopress_social_fb_img_width":0,"_seopress_social_fb_img_height":0,"_seopress_social_twitter_title":"","_seopress_social_twitter_desc":"","_seopress_social_twitter_img":"","_seopress_social_twitter_img_attachment_id":0,"_seopress_social_twitter_img_width":0,"_seopress_social_twitter_img_height":0,"_seopress_redirections_value":"","_seopress_redirections_enabled":"","_seopress_redirections_enabled_regex":"","_seopress_redirections_logged_status":"","_seopress_redirections_param":"","_seopress_redirections_type":0,"_seopress_analysis_target_kw":"","_seopress_news_disabled":"","_seopress_video_disabled":"","_seopress_video":[],"_seopress_pro_schemas_manual":[],"_seopress_pro_rich_snippets_disable_all":"","_seopress_pro_rich_snippets_disable":[],"_seopress_pro_schemas":[],"footnotes":""},"class_list":["post-2591","page","type-page","status-publish"],"_links":{"self":[{"href":"https:\/\/vergenoegd.co.za\/de\/wp-json\/wp\/v2\/pages\/2591","targetHints":{"allow":["GET"]}}],"collection":[{"href":"https:\/\/vergenoegd.co.za\/de\/wp-json\/wp\/v2\/pages"}],"about":[{"href":"https:\/\/vergenoegd.co.za\/de\/wp-json\/wp\/v2\/types\/page"}],"author":[{"embeddable":true,"href":"https:\/\/vergenoegd.co.za\/de\/wp-json\/wp\/v2\/users\/1"}],"replies":[{"embeddable":true,"href":"https:\/\/vergenoegd.co.za\/de\/wp-json\/wp\/v2\/comments?post=2591"}],"version-history":[{"count":6,"href":"https:\/\/vergenoegd.co.za\/de\/wp-json\/wp\/v2\/pages\/2591\/revisions"}],"predecessor-version":[{"id":7827,"href":"https:\/\/vergenoegd.co.za\/de\/wp-json\/wp\/v2\/pages\/2591\/revisions\/7827"}],"up":[{"embeddable":true,"href":"https:\/\/vergenoegd.co.za\/de\/wp-json\/wp\/v2\/pages\/857"}],"wp:attachment":[{"href":"https:\/\/vergenoegd.co.za\/de\/wp-json\/wp\/v2\/media?parent=2591"}],"curies":[{"name":"wp","href":"https:\/\/api.w.org\/{rel}","templated":true}]}}