{"id":2583,"date":"2026-04-04T21:34:15","date_gmt":"2026-04-04T19:34:15","guid":{"rendered":"https:\/\/book.vergenoegd.co.za\/?page_id=2583"},"modified":"2026-06-01T17:24:39","modified_gmt":"2026-06-01T15:24:39","slug":"claras-scheune","status":"publish","type":"page","link":"https:\/\/vergenoegd.co.za\/de\/restaurants\/claras-barn\/","title":{"rendered":"Claras Scheune"},"content":{"rendered":"<div data-elementor-type=\"wp-page\" data-elementor-id=\"2583\" class=\"elementor elementor-2583\" data-elementor-post-type=\"page\">\n\t\t\t\t<div class=\"elementor-element elementor-element-d98c2a9 e-flex e-con-boxed e-con e-parent\" data-id=\"d98c2a9\" data-element_type=\"container\" data-e-type=\"container\">\n\t\t\t\t\t<div class=\"e-con-inner\">\n\t\t<div class=\"elementor-element elementor-element-64f11bf e-flex e-con-boxed e-con e-child\" data-id=\"64f11bf\" data-element_type=\"container\" data-e-type=\"container\" data-settings=\"{&quot;background_background&quot;:&quot;classic&quot;}\">\n\t\t\t\t\t<div class=\"e-con-inner\">\n\t\t<div class=\"elementor-element elementor-element-9dc5505 e-con-full e-flex e-con e-child\" data-id=\"9dc5505\" data-element_type=\"container\" data-e-type=\"container\">\n\t\t\t\t<\/div>\n\t\t\t\t\t<\/div>\n\t\t\t\t<\/div>\n\t\t\t\t\t<\/div>\n\t\t\t\t<\/div>\n\t\t<div class=\"elementor-element elementor-element-08064d3 e-flex e-con-boxed e-con e-parent\" data-id=\"08064d3\" data-element_type=\"container\" data-e-type=\"container\">\n\t\t\t\t\t<div class=\"e-con-inner\">\n\t\t\t\t<div class=\"elementor-element elementor-element-7d8b805 elementor-widget elementor-widget-heading\" data-id=\"7d8b805\" data-element_type=\"widget\" data-e-type=\"widget\" data-widget_type=\"heading.default\">\n\t\t\t\t\t<h2 class=\"elementor-heading-title elementor-size-default\">Begrenzte kulinarische Veranstaltungen<\/h2>\t\t\t\t<\/div>\n\t\t\t\t<div class=\"elementor-element elementor-element-2b1198a elementor-widget elementor-widget-heading\" data-id=\"2b1198a\" data-element_type=\"widget\" data-e-type=\"widget\" data-widget_type=\"heading.default\">\n\t\t\t\t\t<h1 class=\"elementor-heading-title elementor-size-default\">Claras Scheune<\/h1>\t\t\t\t<\/div>\n\t\t\t\t<div class=\"elementor-element elementor-element-e3b4b97 elementor-widget__width-initial elementor-widget-tablet__width-inherit start-page-subheadline elementor-widget elementor-widget-text-editor\" data-id=\"e3b4b97\" data-element_type=\"widget\" data-e-type=\"widget\" data-widget_type=\"text-editor.default\">\n\t\t\t\t\t\t\t\t\tClara&#039;s wird derzeit modernisiert, da wir Michelle Theron als unsere neue K\u00fcchenchefin begr\u00fc\u00dfen d\u00fcrfen. Als unsere hauseigene kulinarische Leiterin wird Michelle jedes kulinarische Erlebnis und jede Weinbegleitung auf dem gesamten Anwesen gestalten.<p>W\u00e4hrend die Scheune vorbereitet wird, steht sie gelegentlich f\u00fcr Veranstaltungen zur Verf\u00fcgung. Die n\u00e4chste ist die <a href=\"https:\/\/vergenoegd.co.za\/de\/erfahrungen\/fruhlingsfarmtee-claras-scheune\/\">Fr\u00fchlingsfarmtee<\/a>, an Samstagen und Sonntagen im September.<\/p>\t\t\t\t\t\t\t\t<\/div>\n\t\t\t\t\t<\/div>\n\t\t\t\t<\/div>\n\t\t<div class=\"elementor-element elementor-element-f84dfe0 e-flex e-con-boxed e-con e-parent\" data-id=\"f84dfe0\" data-element_type=\"container\" data-e-type=\"container\">\n\t\t\t\t\t<div class=\"e-con-inner\">\n\t\t\t\t<div class=\"elementor-element elementor-element-64a3366 elementor-widget elementor-widget-heading\" data-id=\"64a3366\" data-element_type=\"widget\" data-e-type=\"widget\" data-widget_type=\"heading.default\">\n\t\t\t\t\t<h4 class=\"elementor-heading-title elementor-size-default\">Was Sie in Claras Scheune erwartet<\/h4>\t\t\t\t<\/div>\n\t\t\t\t\t<\/div>\n\t\t\t\t<\/div>\n\t\t<div class=\"elementor-element elementor-element-0db2c2b e-flex e-con-boxed e-con e-parent\" data-id=\"0db2c2b\" data-element_type=\"container\" data-e-type=\"container\">\n\t\t\t\t\t<div class=\"e-con-inner\">\n\t\t<div class=\"elementor-element elementor-element-db70242 e-con-full e-flex e-con e-child\" data-id=\"db70242\" data-element_type=\"container\" data-e-type=\"container\">\n\t\t<div class=\"elementor-element elementor-element-79eec3d e-con-full e-flex e-con e-child\" data-id=\"79eec3d\" data-element_type=\"container\" data-e-type=\"container\" data-settings=\"{&quot;background_background&quot;:&quot;classic&quot;}\">\n\t\t\t\t<div class=\"elementor-element elementor-element-cd15fe5 elementor-widget elementor-widget-image\" data-id=\"cd15fe5\" data-element_type=\"widget\" data-e-type=\"widget\" data-widget_type=\"image.default\">\n\t\t\t\t\t\t\t\t\t\t\t\t\t\t\t<img alt=\"\" fetchpriority=\"high\" decoding=\"async\" width=\"800\" height=\"800\" src=\"https:\/\/vergenoegd.co.za\/wp-content\/uploads\/2026\/05\/25-scaled-e1762172022692-1024x1024.png\" class=\"attachment-large size-large wp-image-4703\" srcset=\"https:\/\/vergenoegd.co.za\/wp-content\/uploads\/2026\/05\/25-scaled-e1762172022692-1024x1024.png 1024w, https:\/\/vergenoegd.co.za\/wp-content\/uploads\/2026\/05\/25-scaled-e1762172022692-300x300.png 300w, https:\/\/vergenoegd.co.za\/wp-content\/uploads\/2026\/05\/25-scaled-e1762172022692-150x150.png 150w, https:\/\/vergenoegd.co.za\/wp-content\/uploads\/2026\/05\/25-scaled-e1762172022692-768x768.png 768w, https:\/\/vergenoegd.co.za\/wp-content\/uploads\/2026\/05\/25-scaled-e1762172022692-12x12.png 12w, https:\/\/vergenoegd.co.za\/wp-content\/uploads\/2026\/05\/25-scaled-e1762172022692.png 1370w\" sizes=\"(max-width: 800px) 100vw, 800px\" \/>\t\t\t\t\t\t\t\t\t\t\t\t\t\t\t<\/div>\n\t\t\t\t<div class=\"elementor-element elementor-element-006b711 elementor-widget elementor-widget-heading\" data-id=\"006b711\" data-element_type=\"widget\" data-e-type=\"widget\" data-widget_type=\"heading.default\">\n\t\t\t\t\t<h4 class=\"elementor-heading-title elementor-size-default\">Abendessen unter der Leitung eines K\u00fcchenchefs<\/h4>\t\t\t\t<\/div>\n\t\t\t\t<div class=\"elementor-element elementor-element-5b5f0ab elementor-widget__width-initial elementor-widget elementor-widget-text-editor\" data-id=\"5b5f0ab\" data-element_type=\"widget\" data-e-type=\"widget\" data-widget_type=\"text-editor.default\">\n\t\t\t\t\t\t\t\t\t<p>Ein elegantes, unvergessliches kulinarisches Erlebnis in S\u00fcdafrikas \u00e4ltester Scheune, wo Geschichte und moderne K\u00fcche aufeinandertreffen. Mehrg\u00e4ngige, von Weinen begleitete Men\u00fcs werden mit Pr\u00e4zision und souver\u00e4ner Eleganz pr\u00e4sentiert und bieten den saisonalen Produkten die perfekte B\u00fchne. Dieses Angebot gilt nur f\u00fcr besondere Anl\u00e4sse und nicht f\u00fcr den t\u00e4glichen Betrieb.<\/p>\t\t\t\t\t\t\t\t<\/div>\n\t\t\t\t<\/div>\n\t\t\t\t<\/div>\n\t\t<div class=\"elementor-element elementor-element-6944a03 e-con-full e-flex e-con e-child\" data-id=\"6944a03\" data-element_type=\"container\" data-e-type=\"container\">\n\t\t<div class=\"elementor-element elementor-element-f34fa0a e-con-full e-flex e-con e-child\" data-id=\"f34fa0a\" data-element_type=\"container\" data-e-type=\"container\" data-settings=\"{&quot;background_background&quot;:&quot;classic&quot;}\">\n\t\t\t\t<div class=\"elementor-element elementor-element-0d5edf8 elementor-widget elementor-widget-image\" data-id=\"0d5edf8\" data-element_type=\"widget\" data-e-type=\"widget\" data-widget_type=\"image.default\">\n\t\t\t\t\t\t\t\t\t\t\t\t\t\t\t<img alt=\"\" decoding=\"async\" width=\"800\" height=\"798\" src=\"https:\/\/vergenoegd.co.za\/wp-content\/uploads\/2026\/05\/26-scaled-e1762171946200-1024x1021.png\" class=\"attachment-large size-large wp-image-4702\" srcset=\"https:\/\/vergenoegd.co.za\/wp-content\/uploads\/2026\/05\/26-scaled-e1762171946200-1024x1021.png 1024w, https:\/\/vergenoegd.co.za\/wp-content\/uploads\/2026\/05\/26-scaled-e1762171946200-300x300.png 300w, https:\/\/vergenoegd.co.za\/wp-content\/uploads\/2026\/05\/26-scaled-e1762171946200-150x150.png 150w, https:\/\/vergenoegd.co.za\/wp-content\/uploads\/2026\/05\/26-scaled-e1762171946200-768x766.png 768w, https:\/\/vergenoegd.co.za\/wp-content\/uploads\/2026\/05\/26-scaled-e1762171946200-12x12.png 12w, https:\/\/vergenoegd.co.za\/wp-content\/uploads\/2026\/05\/26-scaled-e1762171946200.png 1374w\" sizes=\"(max-width: 800px) 100vw, 800px\" \/>\t\t\t\t\t\t\t\t\t\t\t\t\t\t\t<\/div>\n\t\t\t\t<div class=\"elementor-element elementor-element-c68a2e4 elementor-widget elementor-widget-heading\" data-id=\"c68a2e4\" data-element_type=\"widget\" data-e-type=\"widget\" data-widget_type=\"heading.default\">\n\t\t\t\t\t<h4 class=\"elementor-heading-title elementor-size-default\">Entspannte Treffen<\/h4>\t\t\t\t<\/div>\n\t\t\t\t<div class=\"elementor-element elementor-element-16c1134 elementor-widget__width-initial elementor-widget elementor-widget-text-editor\" data-id=\"16c1134\" data-element_type=\"widget\" data-e-type=\"widget\" data-widget_type=\"text-editor.default\">\n\t\t\t\t\t\t\t\t\t<p>Innerhalb derselben Mauern erwartet Sie ein entspannteres Ambiente mit bodenst\u00e4ndigen, regionalen Gerichten in einer eleganten und dennoch einladenden Atmosph\u00e4re. Der Service ist herzlich und aufmerksam und l\u00e4dt zum genussvollen Verweilen ein.<\/p>\t\t\t\t\t\t\t\t<\/div>\n\t\t\t\t<\/div>\n\t\t\t\t<\/div>\n\t\t\t\t\t<\/div>\n\t\t\t\t<\/div>\n\t\t<div class=\"elementor-element elementor-element-cce3d6a e-flex e-con-boxed e-con e-parent\" data-id=\"cce3d6a\" data-element_type=\"container\" data-e-type=\"container\">\n\t\t\t\t\t<div class=\"e-con-inner\">\n\t\t<div class=\"elementor-element elementor-element-6c97c68 e-con-full e-flex e-con e-child\" data-id=\"6c97c68\" data-element_type=\"container\" data-e-type=\"container\">\n\t\t\t\t<div class=\"elementor-element elementor-element-2144cf0 elementor-widget elementor-widget-image\" data-id=\"2144cf0\" data-element_type=\"widget\" data-e-type=\"widget\" data-widget_type=\"image.default\">\n\t\t\t\t\t\t\t\t\t\t\t\t\t\t\t<img alt=\"\" decoding=\"async\" width=\"683\" height=\"1024\" src=\"https:\/\/vergenoegd.co.za\/wp-content\/uploads\/2026\/05\/VL_Sept2025_GibsonPhoto19-1-scaled.jpg-1-683x1024.webp\" class=\"attachment-large size-large wp-image-4195\" srcset=\"https:\/\/vergenoegd.co.za\/wp-content\/uploads\/2026\/05\/VL_Sept2025_GibsonPhoto19-1-scaled.jpg-1-683x1024.webp 683w, https:\/\/vergenoegd.co.za\/wp-content\/uploads\/2026\/05\/VL_Sept2025_GibsonPhoto19-1-scaled.jpg-1-200x300.webp 200w, https:\/\/vergenoegd.co.za\/wp-content\/uploads\/2026\/05\/VL_Sept2025_GibsonPhoto19-1-scaled.jpg-1-768x1152.webp 768w, https:\/\/vergenoegd.co.za\/wp-content\/uploads\/2026\/05\/VL_Sept2025_GibsonPhoto19-1-scaled.jpg-1-1024x1536.webp 1024w, https:\/\/vergenoegd.co.za\/wp-content\/uploads\/2026\/05\/VL_Sept2025_GibsonPhoto19-1-scaled.jpg-1-1365x2048.webp 1365w, https:\/\/vergenoegd.co.za\/wp-content\/uploads\/2026\/05\/VL_Sept2025_GibsonPhoto19-1-scaled.jpg-1-8x12.webp 8w, https:\/\/vergenoegd.co.za\/wp-content\/uploads\/2026\/05\/VL_Sept2025_GibsonPhoto19-1-scaled.jpg-1-scaled.webp 1707w\" sizes=\"(max-width: 683px) 100vw, 683px\" \/>\t\t\t\t\t\t\t\t\t\t\t\t\t\t\t<\/div>\n\t\t\t\t<\/div>\n\t\t<div class=\"elementor-element elementor-element-a4497c2 e-con-full e-flex e-con e-child\" data-id=\"a4497c2\" data-element_type=\"container\" data-e-type=\"container\">\n\t\t\t\t<div class=\"elementor-element elementor-element-7ff681f elementor-widget elementor-widget-heading\" data-id=\"7ff681f\" data-element_type=\"widget\" data-e-type=\"widget\" data-widget_type=\"heading.default\">\n\t\t\t\t\t<h3 class=\"elementor-heading-title elementor-size-default\">Claras <br>Scheune<\/h3>\t\t\t\t<\/div>\n\t\t\t\t<div class=\"elementor-element elementor-element-4846a32 elementor-widget elementor-widget-image\" data-id=\"4846a32\" data-element_type=\"widget\" data-e-type=\"widget\" data-widget_type=\"image.default\">\n\t\t\t\t\t\t\t\t\t\t\t\t\t\t\t<img alt=\"\" loading=\"lazy\" decoding=\"async\" width=\"800\" height=\"534\" src=\"https:\/\/vergenoegd.co.za\/wp-content\/uploads\/2026\/04\/Claras-Barn-scaled.jpg-1024x683.webp\" class=\"attachment-large size-large wp-image-3043\" srcset=\"https:\/\/vergenoegd.co.za\/wp-content\/uploads\/2026\/04\/Claras-Barn-scaled.jpg-1024x683.webp 1024w, https:\/\/vergenoegd.co.za\/wp-content\/uploads\/2026\/04\/Claras-Barn-scaled.jpg-300x200.webp 300w, https:\/\/vergenoegd.co.za\/wp-content\/uploads\/2026\/04\/Claras-Barn-scaled.jpg-768x512.webp 768w, https:\/\/vergenoegd.co.za\/wp-content\/uploads\/2026\/04\/Claras-Barn-scaled.jpg-1536x1025.webp 1536w, https:\/\/vergenoegd.co.za\/wp-content\/uploads\/2026\/04\/Claras-Barn-scaled.jpg-18x12.webp 18w, https:\/\/vergenoegd.co.za\/wp-content\/uploads\/2026\/04\/Claras-Barn-scaled.jpg.webp 2000w\" sizes=\"(max-width: 800px) 100vw, 800px\" \/>\t\t\t\t\t\t\t\t\t\t\t\t\t\t\t<\/div>\n\t\t\t\t<\/div>\n\t\t<div class=\"elementor-element elementor-element-4ad128f e-con-full e-flex e-con e-child\" data-id=\"4ad128f\" data-element_type=\"container\" data-e-type=\"container\">\n\t\t<div class=\"elementor-element elementor-element-66d9a84 e-con-full e-flex e-con e-child\" data-id=\"66d9a84\" data-element_type=\"container\" data-e-type=\"container\">\n\t\t\t\t<div class=\"elementor-element elementor-element-8c86dad elementor-widget elementor-widget-heading\" data-id=\"8c86dad\" data-element_type=\"widget\" data-e-type=\"widget\" data-widget_type=\"heading.default\">\n\t\t\t\t\t<h4 class=\"elementor-heading-title elementor-size-default\">Das \u00e4lteste Geb\u00e4ude<\/h4>\t\t\t\t<\/div>\n\t\t\t\t<div class=\"elementor-element elementor-element-a7f80cf elementor-widget elementor-widget-text-editor\" data-id=\"a7f80cf\" data-element_type=\"widget\" data-e-type=\"widget\" data-widget_type=\"text-editor.default\">\n\t\t\t\t\t\t\t\t\t<p>Claras Scheune, das \u00e4lteste Geb\u00e4ude unseres Anwesens, wird derzeit einer vision\u00e4ren Umgestaltung unterzogen. Im Rahmen des Europ\u00e4ischen Denkmalschutzprojekts wird dieses historische Bauwerk sorgf\u00e4ltig restauriert, um in seinem alten Glanz zu erstrahlen und eine neue \u00c4ra gehobener Gastronomie einzuleiten.<\/p><p>F\u00fcr jede Veranstaltung wird der rustikale Charme der Architektur des 17. Jahrhunderts mit modernster Kulinarik vereint. Wir bewahren jeden Stein und jede Geschichte, um einen Ort zu schaffen, an dem Tradition auf h\u00f6chste moderne Gastronomie trifft.<\/p>\t\t\t\t\t\t\t\t<\/div>\n\t\t\t\t<\/div>\n\t\t\t\t<\/div>\n\t\t<div class=\"elementor-element elementor-element-b2a3241 e-con-full e-flex e-con e-child\" data-id=\"b2a3241\" data-element_type=\"container\" data-e-type=\"container\">\n\t\t\t\t<div class=\"elementor-element elementor-element-fde3f8f elementor-widget elementor-widget-image\" data-id=\"fde3f8f\" data-element_type=\"widget\" data-e-type=\"widget\" data-widget_type=\"image.default\">\n\t\t\t\t\t\t\t\t\t\t\t\t\t\t\t<img alt=\"\" loading=\"lazy\" decoding=\"async\" width=\"800\" height=\"541\" src=\"https:\/\/vergenoegd.co.za\/wp-content\/uploads\/2026\/05\/runner-duck-art-claras-barn.jpg-1024x692.webp\" class=\"attachment-large size-large wp-image-4257\" srcset=\"https:\/\/vergenoegd.co.za\/wp-content\/uploads\/2026\/05\/runner-duck-art-claras-barn.jpg-1024x692.webp 1024w, https:\/\/vergenoegd.co.za\/wp-content\/uploads\/2026\/05\/runner-duck-art-claras-barn.jpg-300x203.webp 300w, https:\/\/vergenoegd.co.za\/wp-content\/uploads\/2026\/05\/runner-duck-art-claras-barn.jpg-768x519.webp 768w, https:\/\/vergenoegd.co.za\/wp-content\/uploads\/2026\/05\/runner-duck-art-claras-barn.jpg-18x12.webp 18w, https:\/\/vergenoegd.co.za\/wp-content\/uploads\/2026\/05\/runner-duck-art-claras-barn.jpg.webp 1200w\" sizes=\"(max-width: 800px) 100vw, 800px\" \/>\t\t\t\t\t\t\t\t\t\t\t\t\t\t\t<\/div>\n\t\t\t\t<\/div>\n\t\t<div class=\"elementor-element elementor-element-2fb2a23 e-con-full e-flex e-con e-child\" data-id=\"2fb2a23\" data-element_type=\"container\" data-e-type=\"container\">\n\t\t\t\t<div class=\"elementor-element elementor-element-9804773 elementor-widget elementor-widget-image\" data-id=\"9804773\" data-element_type=\"widget\" data-e-type=\"widget\" data-widget_type=\"image.default\">\n\t\t\t\t\t\t\t\t\t\t\t\t\t\t\t<img alt=\"\" loading=\"lazy\" decoding=\"async\" width=\"800\" height=\"534\" src=\"https:\/\/vergenoegd.co.za\/wp-content\/uploads\/2026\/05\/Michelle_Theron_1-scaled.jpg-1024x683.webp\" class=\"attachment-large size-large wp-image-4208\" srcset=\"https:\/\/vergenoegd.co.za\/wp-content\/uploads\/2026\/05\/Michelle_Theron_1-scaled.jpg-1024x683.webp 1024w, https:\/\/vergenoegd.co.za\/wp-content\/uploads\/2026\/05\/Michelle_Theron_1-scaled.jpg-300x200.webp 300w, https:\/\/vergenoegd.co.za\/wp-content\/uploads\/2026\/05\/Michelle_Theron_1-scaled.jpg-768x512.webp 768w, https:\/\/vergenoegd.co.za\/wp-content\/uploads\/2026\/05\/Michelle_Theron_1-scaled.jpg-1536x1025.webp 1536w, https:\/\/vergenoegd.co.za\/wp-content\/uploads\/2026\/05\/Michelle_Theron_1-scaled.jpg-18x12.webp 18w, https:\/\/vergenoegd.co.za\/wp-content\/uploads\/2026\/05\/Michelle_Theron_1-scaled.jpg.webp 2000w\" sizes=\"(max-width: 800px) 100vw, 800px\" \/>\t\t\t\t\t\t\t\t\t\t\t\t\t\t\t<\/div>\n\t\t\t\t<\/div>\n\t\t<div class=\"elementor-element elementor-element-141842b e-con-full e-flex e-con e-child\" data-id=\"141842b\" data-element_type=\"container\" data-e-type=\"container\">\n\t\t\t\t<div class=\"elementor-element elementor-element-65e8ae9 elementor-widget elementor-widget-heading\" data-id=\"65e8ae9\" data-element_type=\"widget\" data-e-type=\"widget\" data-widget_type=\"heading.default\">\n\t\t\t\t\t<h4 class=\"elementor-heading-title elementor-size-default\">Michelle Theron<\/h4>\t\t\t\t<\/div>\n\t\t\t\t<div class=\"elementor-element elementor-element-5186623 elementor-widget elementor-widget-text-editor\" data-id=\"5186623\" data-element_type=\"widget\" data-e-type=\"widget\" data-widget_type=\"text-editor.default\">\n\t\t\t\t\t\t\t\t\t<p>Die in Kapstadt geborene und aufgewachsene Michelle verfeinerte ihr Handwerk in f\u00fchrenden K\u00fcchen der Weinregion und sammelte pr\u00e4gende Erfahrungen in mit Michelin-Sternen ausgezeichneten europ\u00e4ischen Restaurants. Ihre weite Reiseerfahrung bereichert die Kapst\u00e4dter K\u00fcche um eine internationale Perspektive, doch ihr Ansatz bleibt stets von Authentizit\u00e4t, traditionellen Aromen und einem tiefen Heimatgef\u00fchl gepr\u00e4gt.<\/p><p>Zu ihren Erfolgen z\u00e4hlen die Auszeichnung als eine der zehn besten K\u00f6chinnen S\u00fcdafrikas (2021) und die Anerkennung als regionale Finalistin im San Pellegrino Young Chef Academy Wettbewerb (Afrika &amp; Naher Osten).<\/p>\t\t\t\t\t\t\t\t<\/div>\n\t\t\t\t<\/div>\n\t\t\t\t\t<\/div>\n\t\t\t\t<\/div>\n\t\t<div class=\"elementor-element elementor-element-b1dffd1 e-flex e-con-boxed e-con e-parent\" data-id=\"b1dffd1\" data-element_type=\"container\" data-e-type=\"container\">\n\t\t\t\t\t<div class=\"e-con-inner\">\n\t\t<div class=\"elementor-element elementor-element-443a94f e-con-full e-flex e-con e-child\" data-id=\"443a94f\" data-element_type=\"container\" data-e-type=\"container\" data-settings=\"{&quot;background_background&quot;:&quot;classic&quot;}\">\n\t\t\t\t<\/div>\n\t\t<div class=\"elementor-element elementor-element-47324b6 e-con-full e-flex e-con e-child\" data-id=\"47324b6\" data-element_type=\"container\" data-e-type=\"container\" data-settings=\"{&quot;background_background&quot;:&quot;classic&quot;}\">\n\t\t\t\t<div class=\"elementor-element elementor-element-6b50e33 elementor-widget elementor-widget-text-editor\" data-id=\"6b50e33\" data-element_type=\"widget\" data-e-type=\"widget\" data-widget_type=\"text-editor.default\">\n\t\t\t\t\t\t\t\t\t<p><strong>Derzeit in Claras Scheune<\/strong><br>Claras Scheune \u00f6ffnet an ausgew\u00e4hlten Terminen f\u00fcr exklusive kulinarische Veranstaltungen. Die Location kann weiterhin f\u00fcr private und gesch\u00e4ftliche Events gebucht werden.<\/p><p>Veranstaltungsanfragen: <a href=\"mailto:events@vergenoegd.co.za\">events@vergenoegd.co.za<\/a><br>Buchungen und Anfragen: <a href=\"tel:+27212024373\">+27 (0)21 202 4373<\/a> oder <a href=\"mailto:claras@vergenoegd.co.za\">claras@vergenoegd.co.za<\/a><\/p>\t\t\t\t\t\t\t\t<\/div>\n\t\t\t\t<\/div>\n\t\t\t\t\t<\/div>\n\t\t\t\t<\/div>\n\t\t\t\t<\/div>","protected":false},"excerpt":{"rendered":"<p>Limited Culinary Events Clara&#8217;s Barn Clara&#8217;s is currently being upgraded as we welcome Michelle Theron as our newly appointed Executive Chef. As our in-house culinary lead, Michelle will guide every dining experience and wine pairing across the estate. What to Expect at Clara&#8217;s Barn Chef-Led Dinners An elegant, immersive dining experience in South Africa\u2019s oldest [&hellip;]<\/p>\n","protected":false},"author":1,"featured_media":0,"parent":2579,"menu_order":0,"comment_status":"closed","ping_status":"closed","template":"","meta":{"_seopress_titles_title":"Clara's Barn \u2014 Limited Culinary Events | Vergenoegd L\u00f6w","_seopress_titles_desc":"The estate's oldest building opens on selected dates for a series of limited culinary events. First up: the Spring Farm Tea, Saturdays and Sundays this September.","_seopress_robots_index":"","_seopress_robots_follow":"","_seopress_robots_imageindex":"","_seopress_robots_snippet":"","_seopress_robots_primary_cat":"","_seopress_robots_breadcrumbs":"","_seopress_robots_freeze_modified_date":"","_seopress_robots_custom_modified_date":"","_seopress_robots_canonical":"","_seopress_social_fb_title":"","_seopress_social_fb_desc":"","_seopress_social_fb_img":"","_seopress_social_fb_img_attachment_id":0,"_seopress_social_fb_img_width":0,"_seopress_social_fb_img_height":0,"_seopress_social_twitter_title":"","_seopress_social_twitter_desc":"","_seopress_social_twitter_img":"","_seopress_social_twitter_img_attachment_id":0,"_seopress_social_twitter_img_width":0,"_seopress_social_twitter_img_height":0,"_seopress_redirections_value":"","_seopress_redirections_enabled":"","_seopress_redirections_enabled_regex":"","_seopress_redirections_logged_status":"","_seopress_redirections_param":"","_seopress_redirections_type":0,"_seopress_analysis_target_kw":"","_seopress_news_disabled":"","_seopress_video_disabled":"","_seopress_video":[],"_seopress_pro_schemas_manual":[],"_seopress_pro_rich_snippets_disable_all":"","_seopress_pro_rich_snippets_disable":[],"_seopress_pro_schemas":[],"footnotes":""},"class_list":["post-2583","page","type-page","status-publish"],"_links":{"self":[{"href":"https:\/\/vergenoegd.co.za\/de\/wp-json\/wp\/v2\/pages\/2583","targetHints":{"allow":["GET"]}}],"collection":[{"href":"https:\/\/vergenoegd.co.za\/de\/wp-json\/wp\/v2\/pages"}],"about":[{"href":"https:\/\/vergenoegd.co.za\/de\/wp-json\/wp\/v2\/types\/page"}],"author":[{"embeddable":true,"href":"https:\/\/vergenoegd.co.za\/de\/wp-json\/wp\/v2\/users\/1"}],"replies":[{"embeddable":true,"href":"https:\/\/vergenoegd.co.za\/de\/wp-json\/wp\/v2\/comments?post=2583"}],"version-history":[{"count":0,"href":"https:\/\/vergenoegd.co.za\/de\/wp-json\/wp\/v2\/pages\/2583\/revisions"}],"up":[{"embeddable":true,"href":"https:\/\/vergenoegd.co.za\/de\/wp-json\/wp\/v2\/pages\/2579"}],"wp:attachment":[{"href":"https:\/\/vergenoegd.co.za\/de\/wp-json\/wp\/v2\/media?parent=2583"}],"curies":[{"name":"wp","href":"https:\/\/api.w.org\/{rel}","templated":true}]}}